{"id":2512,"date":"2020-02-24T13:24:03","date_gmt":"2020-02-24T13:24:03","guid":{"rendered":"https:\/\/www.aventure-pyreneenne.com\/?page_id=2512"},"modified":"2026-04-10T09:31:22","modified_gmt":"2026-04-10T09:31:22","slug":"trail-salte-rocs","status":"publish","type":"page","link":"https:\/\/www.aventure-pyreneenne.com\/index.php\/trail-salte-rocs\/","title":{"rendered":"Salte Rocs \u00e2\u20ac\u201c Trail 2019"},"content":{"rendered":"\t\t<div data-elementor-type=\"wp-post\" data-elementor-id=\"2512\" class=\"elementor elementor-2512\">\n\t\t\t\t\t\t<section class=\"elementor-section elementor-top-section elementor-element elementor-element-9e9dad7 elementor-section-stretched elementor-section-height-min-height elementor-section-full_width elementor-hidden-phone elementor-section-height-default elementor-section-items-middle\" data-id=\"9e9dad7\" data-element_type=\"section\" data-settings=\"{&quot;stretch_section&quot;:&quot;section-stretched&quot;,&quot;jet_parallax_layout_list&quot;:[{&quot;jet_parallax_layout_image&quot;:{&quot;url&quot;:&quot;&quot;,&quot;id&quot;:&quot;&quot;,&quot;size&quot;:&quot;&quot;},&quot;_id&quot;:&quot;24fcdc7&quot;,&quot;jet_parallax_layout_image_tablet&quot;:{&quot;url&quot;:&quot;&quot;,&quot;id&quot;:&quot;&quot;,&quot;size&quot;:&quot;&quot;},&quot;jet_parallax_layout_image_mobile&quot;:{&quot;url&quot;:&quot;&quot;,&quot;id&quot;:&quot;&quot;,&quot;size&quot;:&quot;&quot;},&quot;jet_parallax_layout_speed&quot;:{&quot;unit&quot;:&quot;%&quot;,&quot;size&quot;:&quot;50&quot;,&quot;sizes&quot;:[]},&quot;jet_parallax_layout_bg_x&quot;:&quot;50&quot;,&quot;jet_parallax_layout_bg_y&quot;:&quot;50&quot;,&quot;jet_parallax_layout_type&quot;:&quot;scroll&quot;,&quot;jet_parallax_layout_direction&quot;:&quot;1&quot;,&quot;jet_parallax_layout_fx_direction&quot;:null,&quot;jet_parallax_layout_z_index&quot;:&quot;&quot;,&quot;jet_parallax_layout_bg_x_tablet&quot;:&quot;&quot;,&quot;jet_parallax_layout_bg_x_mobile&quot;:&quot;&quot;,&quot;jet_parallax_layout_bg_y_tablet&quot;:&quot;&quot;,&quot;jet_parallax_layout_bg_y_mobile&quot;:&quot;&quot;,&quot;jet_parallax_layout_bg_size&quot;:&quot;auto&quot;,&quot;jet_parallax_layout_bg_size_tablet&quot;:&quot;&quot;,&quot;jet_parallax_layout_bg_size_mobile&quot;:&quot;&quot;,&quot;jet_parallax_layout_animation_prop&quot;:&quot;transform&quot;,&quot;jet_parallax_layout_on&quot;:[&quot;desktop&quot;,&quot;tablet&quot;]}],&quot;background_background&quot;:&quot;classic&quot;,&quot;shape_divider_bottom&quot;:&quot;curve&quot;,&quot;shape_divider_bottom_negative&quot;:&quot;yes&quot;}\">\n\t\t\t\t\t\t\t<div class=\"elementor-background-overlay\"><\/div>\n\t\t\t\t\t\t<div class=\"elementor-shape elementor-shape-bottom\" aria-hidden=\"true\" data-negative=\"true\">\n\t\t\t<svg xmlns=\"http:\/\/www.w3.org\/2000\/svg\" viewBox=\"0 0 1000 100\" preserveAspectRatio=\"none\">\n\t<path class=\"elementor-shape-fill\" d=\"M500,97C126.7,96.3,0.8,19.8,0,0v100l1000,0V1C1000,19.4,873.3,97.8,500,97z\"\/>\n<\/svg>\t\t<\/div>\n\t\t\t\t\t<div class=\"elementor-container elementor-column-gap-default\">\n\t\t\t\t\t<div class=\"elementor-column elementor-col-100 elementor-top-column elementor-element elementor-element-81ad74f\" data-id=\"81ad74f\" data-element_type=\"column\" data-settings=\"{&quot;background_background&quot;:&quot;classic&quot;}\">\n\t\t\t<div class=\"elementor-widget-wrap elementor-element-populated\">\n\t\t\t\t\t\t<div class=\"elementor-element elementor-element-b9b73a1 elementor-tablet-align-center elementor-align-right elementor-widget__width-auto elementor-widget elementor-widget-raven-heading\" data-id=\"b9b73a1\" data-element_type=\"widget\" data-widget_type=\"raven-heading.default\">\n\t\t\t\t<div class=\"elementor-widget-container\">\n\t\t\t\t\t\t\t<div class=\"raven-widget-wrapper\"><h2 class=\"raven-heading raven-heading-h2\"><span class=\"raven-heading-title \">Alpinisme et ski de randonn\u00e9e dans les Pyr\u00e9n\u00e9es Orientales<\/span><\/h2><\/div>\n\t\t\t\t\t\t<\/div>\n\t\t\t\t<\/div>\n\t\t\t\t\t<\/div>\n\t\t<\/div>\n\t\t\t\t\t<\/div>\n\t\t<\/section>\n\t\t\t\t<section class=\"elementor-section elementor-top-section elementor-element elementor-element-cbca63e elementor-section-boxed elementor-section-height-default elementor-section-height-default\" data-id=\"cbca63e\" data-element_type=\"section\" data-settings=\"{&quot;jet_parallax_layout_list&quot;:[{&quot;jet_parallax_layout_image&quot;:{&quot;url&quot;:&quot;&quot;,&quot;id&quot;:&quot;&quot;,&quot;size&quot;:&quot;&quot;},&quot;_id&quot;:&quot;cf95016&quot;,&quot;jet_parallax_layout_image_tablet&quot;:{&quot;url&quot;:&quot;&quot;,&quot;id&quot;:&quot;&quot;,&quot;size&quot;:&quot;&quot;},&quot;jet_parallax_layout_image_mobile&quot;:{&quot;url&quot;:&quot;&quot;,&quot;id&quot;:&quot;&quot;,&quot;size&quot;:&quot;&quot;},&quot;jet_parallax_layout_speed&quot;:{&quot;unit&quot;:&quot;%&quot;,&quot;size&quot;:&quot;50&quot;,&quot;sizes&quot;:[]},&quot;jet_parallax_layout_bg_x&quot;:&quot;50&quot;,&quot;jet_parallax_layout_bg_y&quot;:&quot;50&quot;,&quot;jet_parallax_layout_type&quot;:&quot;scroll&quot;,&quot;jet_parallax_layout_direction&quot;:&quot;1&quot;,&quot;jet_parallax_layout_fx_direction&quot;:null,&quot;jet_parallax_layout_z_index&quot;:&quot;&quot;,&quot;jet_parallax_layout_bg_x_tablet&quot;:&quot;&quot;,&quot;jet_parallax_layout_bg_x_mobile&quot;:&quot;&quot;,&quot;jet_parallax_layout_bg_y_tablet&quot;:&quot;&quot;,&quot;jet_parallax_layout_bg_y_mobile&quot;:&quot;&quot;,&quot;jet_parallax_layout_bg_size&quot;:&quot;auto&quot;,&quot;jet_parallax_layout_bg_size_tablet&quot;:&quot;&quot;,&quot;jet_parallax_layout_bg_size_mobile&quot;:&quot;&quot;,&quot;jet_parallax_layout_animation_prop&quot;:&quot;transform&quot;,&quot;jet_parallax_layout_on&quot;:[&quot;desktop&quot;,&quot;tablet&quot;]}]}\">\n\t\t\t\t\t\t<div class=\"elementor-container elementor-column-gap-default\">\n\t\t\t\t\t<div class=\"elementor-column elementor-col-100 elementor-top-column elementor-element elementor-element-b31f172\" data-id=\"b31f172\" data-element_type=\"column\">\n\t\t\t<div class=\"elementor-widget-wrap elementor-element-populated\">\n\t\t\t\t\t\t<div class=\"elementor-element elementor-element-3f3d02c elementor-widget elementor-widget-text-editor\" data-id=\"3f3d02c\" data-element_type=\"widget\" data-widget_type=\"text-editor.default\">\n\t\t\t\t<div class=\"elementor-widget-container\">\n\t\t\t\t\t\t\t\t\t<div class=\"column pix-lazy-load available pix-loaded\" data-col=\"4\" data-child=\"first\" data-delay=\"100\"><h2>UN TRAIL PROMETTEUR EN PYR\u00c9N\u00c9ES ORIENTALES<\/h2><p><img fetchpriority=\"high\" decoding=\"async\" class=\"size-medium wp-image-2516 alignright\" src=\"https:\/\/www.aventure-pyreneenne.com\/wp-content\/uploads\/2020\/02\/chateau-rodes-300x233.jpg\" alt=\"Chateau de Rodes - Pyr\u00e9n\u00e9es Orientales\" width=\"300\" height=\"233\" srcset=\"https:\/\/www.aventure-pyreneenne.com\/wp-content\/uploads\/2020\/02\/chateau-rodes-300x233.jpg 300w, https:\/\/www.aventure-pyreneenne.com\/wp-content\/uploads\/2020\/02\/chateau-rodes.jpg 560w\" sizes=\"(max-width: 300px) 100vw, 300px\" \/>Le\u00a05 mai 2019 se d\u00e9roulera le Trail de la Salte Rocs.\u00a0Ce trail comptant pour le \u00ab Challenge Conseil D\u00e9partemental \u2013 l\u2019Ind\u00e9pendant\u00a0\u00bb est long de 16km pour 850 m\u00e8tres de d\u00e9nivel\u00e9 positif. Il fait \u00e9galement partie du challenge \u00ab\u00a0Running 66\u00a0\u00bb.\u00a0Tr\u00e8s appr\u00e9ci\u00e9e par les coureurs, tant par sa technicit\u00e9 que par la beaut\u00e9 de son parcours avec en toile de fond le Canigou, cette course est un \u00e9v\u00e9nement incontournable organis\u00e9 dans les Pyr\u00e9n\u00e9es Orientales.<br \/>Le d\u00e9part sera donn\u00e9 le dimanche\u00a05 mai 2019 \u00e0 9h00 sur la place du village de Rod\u00e8s.<\/p><p>Une randonn\u00e9e p\u00e9destre d\u2019une demi-journ\u00e9e est \u00e9galement organis\u00e9e en parall\u00e8le de la course. Elle est encadr\u00e9e par un accompagnateur dipl\u00f4m\u00e9 d\u2019\u00e9tat.<\/p><p><strong>D\u00e9part de la course le dimanche\u00a05 mai 2018 \u00e0 9h00<\/strong> sur la place du village de Rod\u00e8s.\u00a0<strong>Inscription en bas de page<\/strong><\/p><\/div><div class=\"column first-child pix-lazy-load available pix-loaded\" data-col=\"4\" data-delay=\"100\"><h2>PARTENARIAT AVENTURE PYR\u00c9ENNE<\/h2><p>\u00a0<\/p><p>Quand Michel, organisateur de la course, nous a propos\u00e9 de devenir partenaire de la course nous avons imm\u00e9diatement accept\u00e9. Cet \u00e9v\u00e9nement est l\u2019occasion pour nous de montrer notre engagement dans le domaine des activit\u00e9s de pleine nature sur le d\u00e9partement des Pyr\u00e9n\u00e9es Orientales. Aventure Pyr\u00e9n\u00e9enne est partenaire pour la deuxi\u00e8me ann\u00e9e cons\u00e9cutive. Nous souhaitons donc \u00e0 Michel et \u00e0 son \u00e9quipe la r\u00e9alisation \u00e0 d\u2019une course \u00e0 la hauteur de leurs ambitions. Nous souhaitons \u00e9galement \u00e0 tous les participants de prendre un maximum de plaisir sur ce parcours offrant des vues imprenables sur le massif du Canigou.<\/p><\/div><div class=\"column first-child pix-lazy-load available pix-loaded\" data-col=\"4\" data-delay=\"100\"><h1>PARCOURS<\/h1><p><img decoding=\"async\" class=\"aligncenter wp-image-2517 size-full\" src=\"https:\/\/www.aventure-pyreneenne.com\/wp-content\/uploads\/2020\/02\/parcours-trail-salterorcs.jpg\" alt=\"Parcours trail Salte Rocs\" width=\"840\" height=\"510\" srcset=\"https:\/\/www.aventure-pyreneenne.com\/wp-content\/uploads\/2020\/02\/parcours-trail-salterorcs.jpg 840w, https:\/\/www.aventure-pyreneenne.com\/wp-content\/uploads\/2020\/02\/parcours-trail-salterorcs-300x182.jpg 300w, https:\/\/www.aventure-pyreneenne.com\/wp-content\/uploads\/2020\/02\/parcours-trail-salterorcs-768x466.jpg 768w, https:\/\/www.aventure-pyreneenne.com\/wp-content\/uploads\/2020\/02\/parcours-trail-salterorcs-600x364.jpg 600w\" sizes=\"(max-width: 840px) 100vw, 840px\" \/><\/p><h2><img decoding=\"async\" class=\"aligncenter wp-image-2518 size-full\" src=\"https:\/\/www.aventure-pyreneenne.com\/wp-content\/uploads\/2020\/02\/carte-ign-parcours.jpg\" alt=\"Carte IGN du parcours\" width=\"840\" height=\"372\" srcset=\"https:\/\/www.aventure-pyreneenne.com\/wp-content\/uploads\/2020\/02\/carte-ign-parcours.jpg 840w, https:\/\/www.aventure-pyreneenne.com\/wp-content\/uploads\/2020\/02\/carte-ign-parcours-300x133.jpg 300w, https:\/\/www.aventure-pyreneenne.com\/wp-content\/uploads\/2020\/02\/carte-ign-parcours-768x340.jpg 768w, https:\/\/www.aventure-pyreneenne.com\/wp-content\/uploads\/2020\/02\/carte-ign-parcours-600x266.jpg 600w\" sizes=\"(max-width: 840px) 100vw, 840px\" \/><\/h2><p><img loading=\"lazy\" decoding=\"async\" class=\"aligncenter wp-image-2519 size-full\" src=\"https:\/\/www.aventure-pyreneenne.com\/wp-content\/uploads\/2020\/02\/coupe-parcours.jpg\" alt=\"Parcours en coupe - d\u00e9nivel\u00e9e\" width=\"840\" height=\"319\" srcset=\"https:\/\/www.aventure-pyreneenne.com\/wp-content\/uploads\/2020\/02\/coupe-parcours.jpg 840w, https:\/\/www.aventure-pyreneenne.com\/wp-content\/uploads\/2020\/02\/coupe-parcours-300x114.jpg 300w, https:\/\/www.aventure-pyreneenne.com\/wp-content\/uploads\/2020\/02\/coupe-parcours-768x292.jpg 768w, https:\/\/www.aventure-pyreneenne.com\/wp-content\/uploads\/2020\/02\/coupe-parcours-600x228.jpg 600w\" sizes=\"(max-width: 840px) 100vw, 840px\" \/><\/p><p><strong>16km pour 850 m\u00e8tres de d\u00e9nivel\u00e9 positif<\/strong><\/p><\/div>\t\t\t\t\t\t\t\t<\/div>\n\t\t\t\t<\/div>\n\t\t\t\t\t<\/div>\n\t\t<\/div>\n\t\t\t\t\t<\/div>\n\t\t<\/section>\n\t\t\t\t<section class=\"elementor-section elementor-top-section elementor-element elementor-element-52f08ef elementor-section-boxed elementor-section-height-default elementor-section-height-default\" data-id=\"52f08ef\" data-element_type=\"section\" data-settings=\"{&quot;jet_parallax_layout_list&quot;:[{&quot;jet_parallax_layout_image&quot;:{&quot;url&quot;:&quot;&quot;,&quot;id&quot;:&quot;&quot;,&quot;size&quot;:&quot;&quot;},&quot;_id&quot;:&quot;eb1d623&quot;,&quot;jet_parallax_layout_image_tablet&quot;:{&quot;url&quot;:&quot;&quot;,&quot;id&quot;:&quot;&quot;,&quot;size&quot;:&quot;&quot;},&quot;jet_parallax_layout_image_mobile&quot;:{&quot;url&quot;:&quot;&quot;,&quot;id&quot;:&quot;&quot;,&quot;size&quot;:&quot;&quot;},&quot;jet_parallax_layout_speed&quot;:{&quot;unit&quot;:&quot;%&quot;,&quot;size&quot;:50,&quot;sizes&quot;:[]},&quot;jet_parallax_layout_type&quot;:&quot;scroll&quot;,&quot;jet_parallax_layout_direction&quot;:&quot;1&quot;,&quot;jet_parallax_layout_fx_direction&quot;:null,&quot;jet_parallax_layout_z_index&quot;:&quot;&quot;,&quot;jet_parallax_layout_bg_x&quot;:50,&quot;jet_parallax_layout_bg_x_tablet&quot;:&quot;&quot;,&quot;jet_parallax_layout_bg_x_mobile&quot;:&quot;&quot;,&quot;jet_parallax_layout_bg_y&quot;:50,&quot;jet_parallax_layout_bg_y_tablet&quot;:&quot;&quot;,&quot;jet_parallax_layout_bg_y_mobile&quot;:&quot;&quot;,&quot;jet_parallax_layout_bg_size&quot;:&quot;auto&quot;,&quot;jet_parallax_layout_bg_size_tablet&quot;:&quot;&quot;,&quot;jet_parallax_layout_bg_size_mobile&quot;:&quot;&quot;,&quot;jet_parallax_layout_animation_prop&quot;:&quot;transform&quot;,&quot;jet_parallax_layout_on&quot;:[&quot;desktop&quot;,&quot;tablet&quot;]}]}\">\n\t\t\t\t\t\t<div class=\"elementor-container elementor-column-gap-default\">\n\t\t\t\t\t<div class=\"elementor-column elementor-col-50 elementor-top-column elementor-element elementor-element-13ca67e\" data-id=\"13ca67e\" data-element_type=\"column\">\n\t\t\t<div class=\"elementor-widget-wrap elementor-element-populated\">\n\t\t\t\t\t\t<div class=\"elementor-element elementor-element-296eb30 elementor-widget elementor-widget-text-editor\" data-id=\"296eb30\" data-element_type=\"widget\" data-widget_type=\"text-editor.default\">\n\t\t\t\t<div class=\"elementor-widget-container\">\n\t\t\t\t\t\t\t\t\t<h2 style=\"font-size: 36px;\"><span style=\"font-size: 21.75px;\">INSCRIPTIONS<\/span><\/h2><p>250 participants sont attendus pour cette \u00e9dition. Pour vous inscrire vous pouvez :<\/p><ul><li><strong>Vous inscrire le jour de la course<\/strong> de 7h30 \u00e0 8h45.<\/li><li><strong>Vous inscrire\u00a0inscrire en ligne<\/strong> en utilisant le module de r\u00e9servation ci-dessous<\/li><\/ul>\t\t\t\t\t\t\t\t<\/div>\n\t\t\t\t<\/div>\n\t\t\t\t\t<\/div>\n\t\t<\/div>\n\t\t\t\t<div class=\"elementor-column elementor-col-50 elementor-top-column elementor-element elementor-element-4e82a74\" data-id=\"4e82a74\" data-element_type=\"column\">\n\t\t\t<div class=\"elementor-widget-wrap elementor-element-populated\">\n\t\t\t\t\t\t<div class=\"elementor-element elementor-element-3ec5523 elementor-widget elementor-widget-text-editor\" data-id=\"3ec5523\" data-element_type=\"widget\" data-widget_type=\"text-editor.default\">\n\t\t\t\t<div class=\"elementor-widget-container\">\n\t\t\t\t\t\t\t\t\t<div class=\"column pix-lazy-load available pix-loaded\" data-col=\"2\" data-delay=\"300\"><h2>CONTACT<\/h2><p>Organisation de la course<br \/>07 84 00 21 81<br \/><strong><a href=\"mailto:salterocs@gmail.com\" target=\"_blank\" rel=\"noopener\">salterocs@gmail.com<\/a><\/strong><br \/><strong><a href=\"https:\/\/www.facebook.com\/lasalterocstrail\/\" target=\"_blank\" rel=\"noopener\">Facebook<\/a><\/strong><\/p><\/div>\t\t\t\t\t\t\t\t<\/div>\n\t\t\t\t<\/div>\n\t\t\t\t\t<\/div>\n\t\t<\/div>\n\t\t\t\t\t<\/div>\n\t\t<\/section>\n\t\t\t\t<\/div>\n\t\t","protected":false},"excerpt":{"rendered":"<p>Alpinisme et ski de randonn\u00e9e dans les Pyr\u00e9n\u00e9es Orientales UN TRAIL PROMETTEUR EN PYR\u00c9N\u00c9ES ORIENTALES Le\u00a05 mai 2019 se d\u00e9roulera le Trail de la Salte Rocs.\u00a0Ce trail comptant pour le \u00ab Challenge Conseil D\u00e9partemental \u2013 l\u2019Ind\u00e9pendant\u00a0\u00bb est long de 16km pour 850 m\u00e8tres de d\u00e9nivel\u00e9 positif. Il fait \u00e9galement partie du challenge \u00ab\u00a0Running 66\u00a0\u00bb.\u00a0Tr\u00e8s appr\u00e9ci\u00e9e [&hellip;]<\/p>\n","protected":false},"author":2,"featured_media":0,"parent":0,"menu_order":0,"comment_status":"closed","ping_status":"closed","template":"elementor_header_footer","meta":{"_acf_changed":false,"footnotes":""},"class_list":["post-2512","page","type-page","status-publish","hentry"],"acf":[],"yoast_head":"<!-- This site is optimized with the Yoast SEO plugin v26.6 - https:\/\/yoast.com\/wordpress\/plugins\/seo\/ -->\n<title>Salte Rocs \u00e2\u20ac\u201c Trail 2019 - Aventure Pyr\u00e9n\u00e9enne<\/title>\n<meta name=\"description\" content=\"Trail de 16 Km avec un d\u00e9nivel\u00e9 positif de 850 m se d\u00e9roulant le 6 mai 2018 \u00e0 Rod\u00e8s dans les Pyr\u00e9n\u00e9es Orientales. Inscrivez-vous en ligne d\u00e8s \u00e0 pr\u00e9sent.\" \/>\n<meta name=\"robots\" content=\"index, follow, max-snippet:-1, max-image-preview:large, max-video-preview:-1\" \/>\n<link rel=\"canonical\" href=\"https:\/\/www.aventure-pyreneenne.com\/index.php\/trail-salte-rocs\/\" \/>\n<meta property=\"og:locale\" content=\"fr_FR\" \/>\n<meta property=\"og:type\" content=\"article\" \/>\n<meta property=\"og:title\" content=\"Salte Rocs \u00e2\u20ac\u201c Trail 2019 - Aventure Pyr\u00e9n\u00e9enne\" \/>\n<meta property=\"og:description\" content=\"Trail de 16 Km avec un d\u00e9nivel\u00e9 positif de 850 m se d\u00e9roulant le 6 mai 2018 \u00e0 Rod\u00e8s dans les Pyr\u00e9n\u00e9es Orientales. Inscrivez-vous en ligne d\u00e8s \u00e0 pr\u00e9sent.\" \/>\n<meta property=\"og:url\" content=\"https:\/\/www.aventure-pyreneenne.com\/index.php\/trail-salte-rocs\/\" \/>\n<meta property=\"og:site_name\" content=\"Aventure Pyr\u00e9n\u00e9enne\" \/>\n<meta property=\"article:modified_time\" content=\"2026-04-10T09:31:22+00:00\" \/>\n<meta property=\"og:image\" content=\"https:\/\/www.aventure-pyreneenne.com\/wp-content\/uploads\/2020\/02\/chateau-rodes.jpg\" \/>\n\t<meta property=\"og:image:width\" content=\"560\" \/>\n\t<meta property=\"og:image:height\" content=\"435\" \/>\n\t<meta property=\"og:image:type\" content=\"image\/jpeg\" \/>\n<meta name=\"twitter:card\" content=\"summary_large_image\" \/>\n<meta name=\"twitter:label1\" content=\"Dur\u00e9e de lecture estim\u00e9e\" \/>\n\t<meta name=\"twitter:data1\" content=\"3 minutes\" \/>\n<script type=\"application\/ld+json\" class=\"yoast-schema-graph\">{\"@context\":\"https:\/\/schema.org\",\"@graph\":[{\"@type\":\"WebPage\",\"@id\":\"https:\/\/www.aventure-pyreneenne.com\/index.php\/trail-salte-rocs\/\",\"url\":\"https:\/\/www.aventure-pyreneenne.com\/index.php\/trail-salte-rocs\/\",\"name\":\"Salte Rocs \u00e2\u20ac\u201c Trail 2019 - Aventure Pyr\u00e9n\u00e9enne\",\"isPartOf\":{\"@id\":\"https:\/\/www.aventure-pyreneenne.com\/#website\"},\"primaryImageOfPage\":{\"@id\":\"https:\/\/www.aventure-pyreneenne.com\/index.php\/trail-salte-rocs\/#primaryimage\"},\"image\":{\"@id\":\"https:\/\/www.aventure-pyreneenne.com\/index.php\/trail-salte-rocs\/#primaryimage\"},\"thumbnailUrl\":\"https:\/\/www.aventure-pyreneenne.com\/wp-content\/uploads\/2020\/02\/chateau-rodes-300x233.jpg\",\"datePublished\":\"2020-02-24T13:24:03+00:00\",\"dateModified\":\"2026-04-10T09:31:22+00:00\",\"description\":\"Trail de 16 Km avec un d\u00e9nivel\u00e9 positif de 850 m se d\u00e9roulant le 6 mai 2018 \u00e0 Rod\u00e8s dans les Pyr\u00e9n\u00e9es Orientales. Inscrivez-vous en ligne d\u00e8s \u00e0 pr\u00e9sent.\",\"breadcrumb\":{\"@id\":\"https:\/\/www.aventure-pyreneenne.com\/index.php\/trail-salte-rocs\/#breadcrumb\"},\"inLanguage\":\"fr-FR\",\"potentialAction\":[{\"@type\":\"ReadAction\",\"target\":[\"https:\/\/www.aventure-pyreneenne.com\/index.php\/trail-salte-rocs\/\"]}]},{\"@type\":\"ImageObject\",\"inLanguage\":\"fr-FR\",\"@id\":\"https:\/\/www.aventure-pyreneenne.com\/index.php\/trail-salte-rocs\/#primaryimage\",\"url\":\"https:\/\/www.aventure-pyreneenne.com\/wp-content\/uploads\/2020\/02\/chateau-rodes.jpg\",\"contentUrl\":\"https:\/\/www.aventure-pyreneenne.com\/wp-content\/uploads\/2020\/02\/chateau-rodes.jpg\",\"width\":560,\"height\":435,\"caption\":\"Chateau de Rodes - Pyr\u00e9n\u00e9es Orientales\"},{\"@type\":\"BreadcrumbList\",\"@id\":\"https:\/\/www.aventure-pyreneenne.com\/index.php\/trail-salte-rocs\/#breadcrumb\",\"itemListElement\":[{\"@type\":\"ListItem\",\"position\":1,\"name\":\"Accueil\",\"item\":\"https:\/\/www.aventure-pyreneenne.com\/\"},{\"@type\":\"ListItem\",\"position\":2,\"name\":\"Salte Rocs \u00e2\u20ac\u201c Trail 2019\"}]},{\"@type\":\"WebSite\",\"@id\":\"https:\/\/www.aventure-pyreneenne.com\/#website\",\"url\":\"https:\/\/www.aventure-pyreneenne.com\/\",\"name\":\"Aventure Pyr\u00e9n\u00e9enne\",\"description\":\"#LiveYourAdventure\",\"potentialAction\":[{\"@type\":\"SearchAction\",\"target\":{\"@type\":\"EntryPoint\",\"urlTemplate\":\"https:\/\/www.aventure-pyreneenne.com\/?s={search_term_string}\"},\"query-input\":{\"@type\":\"PropertyValueSpecification\",\"valueRequired\":true,\"valueName\":\"search_term_string\"}}],\"inLanguage\":\"fr-FR\"}]}<\/script>\n<!-- \/ Yoast SEO plugin. -->","yoast_head_json":{"title":"Salte Rocs \u00e2\u20ac\u201c Trail 2019 - Aventure Pyr\u00e9n\u00e9enne","description":"Trail de 16 Km avec un d\u00e9nivel\u00e9 positif de 850 m se d\u00e9roulant le 6 mai 2018 \u00e0 Rod\u00e8s dans les Pyr\u00e9n\u00e9es Orientales. Inscrivez-vous en ligne d\u00e8s \u00e0 pr\u00e9sent.","robots":{"index":"index","follow":"follow","max-snippet":"max-snippet:-1","max-image-preview":"max-image-preview:large","max-video-preview":"max-video-preview:-1"},"canonical":"https:\/\/www.aventure-pyreneenne.com\/index.php\/trail-salte-rocs\/","og_locale":"fr_FR","og_type":"article","og_title":"Salte Rocs \u00e2\u20ac\u201c Trail 2019 - Aventure Pyr\u00e9n\u00e9enne","og_description":"Trail de 16 Km avec un d\u00e9nivel\u00e9 positif de 850 m se d\u00e9roulant le 6 mai 2018 \u00e0 Rod\u00e8s dans les Pyr\u00e9n\u00e9es Orientales. Inscrivez-vous en ligne d\u00e8s \u00e0 pr\u00e9sent.","og_url":"https:\/\/www.aventure-pyreneenne.com\/index.php\/trail-salte-rocs\/","og_site_name":"Aventure Pyr\u00e9n\u00e9enne","article_modified_time":"2026-04-10T09:31:22+00:00","og_image":[{"width":560,"height":435,"url":"https:\/\/www.aventure-pyreneenne.com\/wp-content\/uploads\/2020\/02\/chateau-rodes.jpg","type":"image\/jpeg"}],"twitter_card":"summary_large_image","twitter_misc":{"Dur\u00e9e de lecture estim\u00e9e":"3 minutes"},"schema":{"@context":"https:\/\/schema.org","@graph":[{"@type":"WebPage","@id":"https:\/\/www.aventure-pyreneenne.com\/index.php\/trail-salte-rocs\/","url":"https:\/\/www.aventure-pyreneenne.com\/index.php\/trail-salte-rocs\/","name":"Salte Rocs \u00e2\u20ac\u201c Trail 2019 - Aventure Pyr\u00e9n\u00e9enne","isPartOf":{"@id":"https:\/\/www.aventure-pyreneenne.com\/#website"},"primaryImageOfPage":{"@id":"https:\/\/www.aventure-pyreneenne.com\/index.php\/trail-salte-rocs\/#primaryimage"},"image":{"@id":"https:\/\/www.aventure-pyreneenne.com\/index.php\/trail-salte-rocs\/#primaryimage"},"thumbnailUrl":"https:\/\/www.aventure-pyreneenne.com\/wp-content\/uploads\/2020\/02\/chateau-rodes-300x233.jpg","datePublished":"2020-02-24T13:24:03+00:00","dateModified":"2026-04-10T09:31:22+00:00","description":"Trail de 16 Km avec un d\u00e9nivel\u00e9 positif de 850 m se d\u00e9roulant le 6 mai 2018 \u00e0 Rod\u00e8s dans les Pyr\u00e9n\u00e9es Orientales. Inscrivez-vous en ligne d\u00e8s \u00e0 pr\u00e9sent.","breadcrumb":{"@id":"https:\/\/www.aventure-pyreneenne.com\/index.php\/trail-salte-rocs\/#breadcrumb"},"inLanguage":"fr-FR","potentialAction":[{"@type":"ReadAction","target":["https:\/\/www.aventure-pyreneenne.com\/index.php\/trail-salte-rocs\/"]}]},{"@type":"ImageObject","inLanguage":"fr-FR","@id":"https:\/\/www.aventure-pyreneenne.com\/index.php\/trail-salte-rocs\/#primaryimage","url":"https:\/\/www.aventure-pyreneenne.com\/wp-content\/uploads\/2020\/02\/chateau-rodes.jpg","contentUrl":"https:\/\/www.aventure-pyreneenne.com\/wp-content\/uploads\/2020\/02\/chateau-rodes.jpg","width":560,"height":435,"caption":"Chateau de Rodes - Pyr\u00e9n\u00e9es Orientales"},{"@type":"BreadcrumbList","@id":"https:\/\/www.aventure-pyreneenne.com\/index.php\/trail-salte-rocs\/#breadcrumb","itemListElement":[{"@type":"ListItem","position":1,"name":"Accueil","item":"https:\/\/www.aventure-pyreneenne.com\/"},{"@type":"ListItem","position":2,"name":"Salte Rocs \u00e2\u20ac\u201c Trail 2019"}]},{"@type":"WebSite","@id":"https:\/\/www.aventure-pyreneenne.com\/#website","url":"https:\/\/www.aventure-pyreneenne.com\/","name":"Aventure Pyr\u00e9n\u00e9enne","description":"#LiveYourAdventure","potentialAction":[{"@type":"SearchAction","target":{"@type":"EntryPoint","urlTemplate":"https:\/\/www.aventure-pyreneenne.com\/?s={search_term_string}"},"query-input":{"@type":"PropertyValueSpecification","valueRequired":true,"valueName":"search_term_string"}}],"inLanguage":"fr-FR"}]}},"_links":{"self":[{"href":"https:\/\/www.aventure-pyreneenne.com\/index.php\/wp-json\/wp\/v2\/pages\/2512","targetHints":{"allow":["GET"]}}],"collection":[{"href":"https:\/\/www.aventure-pyreneenne.com\/index.php\/wp-json\/wp\/v2\/pages"}],"about":[{"href":"https:\/\/www.aventure-pyreneenne.com\/index.php\/wp-json\/wp\/v2\/types\/page"}],"author":[{"embeddable":true,"href":"https:\/\/www.aventure-pyreneenne.com\/index.php\/wp-json\/wp\/v2\/users\/2"}],"replies":[{"embeddable":true,"href":"https:\/\/www.aventure-pyreneenne.com\/index.php\/wp-json\/wp\/v2\/comments?post=2512"}],"version-history":[{"count":5,"href":"https:\/\/www.aventure-pyreneenne.com\/index.php\/wp-json\/wp\/v2\/pages\/2512\/revisions"}],"predecessor-version":[{"id":12266,"href":"https:\/\/www.aventure-pyreneenne.com\/index.php\/wp-json\/wp\/v2\/pages\/2512\/revisions\/12266"}],"wp:attachment":[{"href":"https:\/\/www.aventure-pyreneenne.com\/index.php\/wp-json\/wp\/v2\/media?parent=2512"}],"curies":[{"name":"wp","href":"https:\/\/api.w.org\/{rel}","templated":true}]}}